{"id":105,"date":"2024-03-12T07:47:20","date_gmt":"2024-03-12T06:47:20","guid":{"rendered":"http:\/\/fc-u.de\/wordpress\/?page_id=105"},"modified":"2024-03-18T13:44:59","modified_gmt":"2024-03-18T12:44:59","slug":"historie","status":"publish","type":"page","link":"https:\/\/fcuchtelfangen.de\/wordpress\/historie\/","title":{"rendered":"Historie"},"content":{"rendered":"\n<p>Im Fr\u00fchjahr 1923 taten sich einige beherzte M\u00e4nner aus Kaisen zusammen und gr\u00fcndeten im Gasthaus Henkel den Verein. Sie gaben ihm den Namen Fu\u00dfballverein Kaisen.&nbsp;<\/p>\n\n\n\n<p>Die Gr\u00fcnder waren:&nbsp;<\/p>\n\n\n\n<ul class=\"wp-block-list\">\n<li>1. Vorsitzender: Gustav Kempf<\/li>\n\n\n\n<li>Schriftf\u00fchrer: Johann Alt&nbsp;<\/li>\n\n\n\n<li>Kassierer: Reinhold Hoffmann&nbsp;<\/li>\n\n\n\n<li>Spielf\u00fchrer: Peter Glessner&nbsp;<\/li>\n<\/ul>\n\n\n\n<p>Mitgr\u00fcnder:&nbsp;<\/p>\n\n\n\n<ul class=\"wp-block-list\">\n<li>Peter Hoffmann, Peter Kr\u00e4mer, Richard Schmidt,&nbsp;<\/li>\n\n\n\n<li>Peter Simmet, Albert Schmidt, Nikolaus Simmet,&nbsp;<\/li>\n\n\n\n<li>Heinrich Schmidt, Josef Meiser, Adolf Schmidt,&nbsp;<\/li>\n\n\n\n<li>August Fries, Nikolaus Kr\u00e4mer, Nikolaus Engel,&nbsp;<\/li>\n\n\n\n<li>Arnold M\u00fcnster, Valentin Neu, Franz Lauer&nbsp;<\/li>\n<\/ul>\n\n\n\n<p>Spielerische Entwicklung:<\/p>\n\n\n\n<p>Das erste Spiel wurde im Jahre 1923 an Karfreitag in Wahlschied ausgetragen und gewonnen. In der Folgezeit wurden Spiele innerhalb der Gemeinde ausgetragen. Von 1924 bis 1926 spielte eine Mannschaft. Immer mehr stie\u00dfen Widerst\u00e4nde zwischen Gemeinde und Kirche aufeinander. Man wandte sich gegen die Sportler mit kurzen Hosen (sie waren bis an die Knie), wie es hie\u00df aus sittlichen Gr\u00fcnden. Mit Herrn Pastor Knauf besprach man im Jahre 1926 dieses Problem und r\u00e4umte es aus dem Weg. In der darauffolgenden Zeit bis 1930 spielten 2 Mannschaften um die Meisterschaft in der C-Klasse Illtal. Im Jahr 1930 wurde eine Jugendmannschaft gegr\u00fcndet und die Meisterschaftsspiele durch die Umstellung in der B-Klasse fortgesetzt. In dieser Zeit stellte der Verein 2 Auswahlspieler f\u00fcr die Kreisauswahl. Es waren Rudolf Kleer, genannt Klanke Rudolf, Nikolaus Simmet, genannt Henkels Nikla, der sp\u00e4ter im Rastpfuhlkrankenhaus Chefarzt wurde. 1934 teilte sich der Verein. Es entstand zus\u00e4tzlich die DJK.1936 fand zwischen den beiden Vereinen die Wiedervereinigung bedingt durch die Hitlerzeit statt. Durch die vielen Einberufungen zur Wehrmacht konnte 1939 kein geregelter Spielbetrieb mehr stattfinden. Auf dem Sportplatz wurde Material f\u00fcr einen Bunkerbau gelagert, deshalb wurden in dieser Zeit auf dem Handballsportplatz H\u00fcwel, wo heute Wohnh\u00e4user stehen, einige Freundschaftsspiele ausgetragen.&nbsp;<\/p>\n\n\n\n<p>Nach dem Krieg schlossen sich Handballer und Fu\u00dfballer zu einem Verein unter dem Namen Sportfreunde Uchtelfangen zusammen. Schon im Jahre 1945 wurde der Spielbetrieb wieder aufgenommen. Der Gegner im ersten Spiel hie\u00df Wahlschied. Dieses Spiel konnten die Uchtelfanger gewinnen. Zum ersten H\u00f6hepunkt kam es 1946, als nach drei Entscheidungsspielen die Meisterschaft und der Aufstieg in die Kreisklasse 1 geschafft wurde. Diese Klasse konnte jedoch nur 3 Jahre gehalten werden.1949 erfolgte wieder der Abstieg in die Kreisklasse 2. Anfangs der f\u00fcnfziger Jahre hatte der Verein seinen absoluten Tiefpunkt erreicht. Die Ursache war, dass fast alle aktiven Spieler ihre Laufbahn beendeten. Der z\u00e4he Flei\u00df des damaligen Spartenleiters Rudolf Baltes, der sich um einen Neuaufbau, sowohl der Aktiven als auch der Jugend bem\u00fchte, wurde schon in der Saison 1956\/57 durch Erringung der Meisterschaft in der Kreisklasse 2 belohnt. Ma\u00dfgebend Anteil an diesem Erfolg muss auch dem damals erstmalig verpflichteten Trainer Schank (Borussia Neunkirchen) zugesprochen werden. Leider wurde 1957 eine neue Klassenteilung vorgenommen. Die Kreisklassen 1 und 2 wurden in A, B,- und C-Klassen aufgeteilt. Unsere Mannschaft kam mit den ersten 8 Mannschaften der Kreisklasse 2 in die B-Klasse. Trotz Meisterschaft erfolgte also praktisch kein Aufstieg. In den folgenden Jahren war unsere Mannschaft immer auf den vorderen Pl\u00e4tzen der Tabelle zu finden. In der Saison 1960\/61 gelang unter Trainer W. Jochem wiederum die Meisterschaft und der Aufstieg in die A-Klasse. Doch auch diesmal konnte die Klasse nur zwei Jahre gehalten werden. So mussten unsere Fu\u00dfballer 1963 wieder in die B-Klasse zur\u00fcck. Weitere vier Jahre sp\u00e4ter erfolgte sogar der Abstieg in die C-Klasse. Ein Jahr sp\u00e4ter gelang unter Trainer Sigmar Stoll durch Erringung der Meisterschaft der Wiederaufstieg in die B-Klasse. In den folgenden 3 Jahren konnte sich die Mannschaft nicht weiter steigern und entging nur knapp dem Abstieg. Erst unter Trainer Quinten konnten wir 1975 wieder in die obere Tabellenh\u00e4lfte vordringen. In der Saison 1976\/77 war unter Trainer K\u00fchn die Meisterschaft greifbar nahe. Nachdem die Mannschaft lange die Tabelle anf\u00fchrte, wurde sie in den letzten Spielen, bedingt durch den Ausfall einiger Spieler, noch von der Mannschaft aus Aschbach abgefangen. Unsere 2. Mannschaft bewies besseres Standverm\u00f6gen und schaffte die Meisterschaft. In den folgenden Jahren kam die 1. Mannschaft \u00fcber einen Mittelfeldplatz nicht hinaus.&nbsp;<\/p>\n\n\n\n<p>Im Jahre 1976 wurde die Eintragung ins Vereinsregister notwendig. Hierzu trennten sich Fussballer und Handballer wieder. Die Abteilung Fu\u00dfball wurde unter dem Namen FC Uchtelfangen zum eigenst\u00e4ndigen Verein. In der Saison 1980\/81 konnten erstmals drei aktive Mannschaften des FCU an der Punktrunde teilnehmen. 1983\/84 spielte die 1. Mannschaft wieder um den Meisterschaft mit, es reichte allerdings nur f\u00fcr den Titel des Vizemeisters. 1986\/87 belegte die 2. Mannschaft Platz 1 der Tabelle und in der Saison 1987\/88 den 2.Platz. Die 1. Mannschaft musste sich wieder mit dem 3. Tabellenplatz zufrieden geben. 1989\/90 erk\u00e4mpfte sich die 1. Mannschaft dann wieder die Vizemeisterschaft. Nach stetigem Auf und Ab sicherte sich die 2. Mannschaft in der Spielsaison 1995\/96 die Meisterschaft. Die 1. Aktivenmannschaft kam auf Platz 5 der Kreisliga Ill\/Theel. Im Spieljahr 1996\/97 war es dann wieder so weit. Nach spannenden Wochen des Kampfes gelang es der 1. Mannschaft, den harten Konkurrenten Kutzhof zu \u00fcberrunden und in die Bezirksliga Nord aufzusteigen. In 30 Spieltagen erreichte man 68 Punkte bei einem Torverh\u00e4ltnis von 69:35. Leider konnte diese Klasse im darauf folgenden Jahr trotz 33 Punkten nicht gehalten werden und die 1. Mannschaft des FCU musste wieder in die Kreisliga Ill\/Theel absteigen, wo sie auch bis heute verweilt.<\/p>\n\n\n\n<h2 class=\"wp-block-heading\">Gr\u00f6\u00dfte Kampagne in der SFV-Geschichte<\/h2>\n\n\n\n<figure class=\"wp-block-image aligncenter size-full\"><img loading=\"lazy\" decoding=\"async\" width=\"480\" height=\"679\" src=\"http:\/\/fc-u.de\/wordpress\/wp-content\/uploads\/2024\/03\/SFV-Anti-Gewaltkampagne.jpg\" alt=\"\" class=\"wp-image-530\" srcset=\"https:\/\/fcuchtelfangen.de\/wordpress\/wp-content\/uploads\/2024\/03\/SFV-Anti-Gewaltkampagne.jpg 480w, https:\/\/fcuchtelfangen.de\/wordpress\/wp-content\/uploads\/2024\/03\/SFV-Anti-Gewaltkampagne-212x300.jpg 212w\" sizes=\"auto, (max-width: 480px) 100vw, 480px\" \/><\/figure>\n\n\n\n<p>Gewalt in Stadien bzw. auf Sportpl\u00e4tzen ist schon lange kein Tabuthema mehr und auch in der Medienberichterstattung pr\u00e4sent. Die Zahl der gemeldeten Spielabbr\u00fcche bzw. Ausschreitungen auf saarl\u00e4ndischen Fu\u00dfballpl\u00e4tzen ist erfreulich gering. Dennoch schaden jede einzelne Ausschreitung, jede T\u00e4tlichkeit gegen\u00fcber Spielern, Zuschauern oder Schiedsrichtern und jeder Spielabbruch dem Ansehen des Fu\u00dfballs. Der SFV stellt sich seiner Verantwortung, den Spielbetrieb zu erm\u00f6glichen und gleichzeitig den Schutz f\u00fcr alle Beteiligten sicherzustellen. Am 03.09.2013 fand hierzu ein Dialog mit allen Vereinen an der Hermann-Neuberger-Sportschule statt. F\u00fcr den Fu\u00dfballverband war diese Veranstaltung der Auftakt zu einer Anti-Gewalt-Kampagne saarlandweit.<\/p>\n\n\n\n<h2 class=\"wp-block-heading\">Galerie<\/h2>\n\n\n\n<figure class=\"wp-block-gallery has-nested-images columns-3 is-cropped wp-block-gallery-1 is-layout-flex wp-block-gallery-is-layout-flex\">\n<figure class=\"wp-block-image size-full\"><a href=\"http:\/\/fc-u.de\/wordpress\/historie\/1-mannschaft-2\/\" target=\"_blank\" rel=\"noopener\"><img loading=\"lazy\" decoding=\"async\" width=\"500\" height=\"281\" data-id=\"533\" src=\"http:\/\/fc-u.de\/wordpress\/wp-content\/uploads\/2024\/03\/1-Mannschaft.jpg\" alt=\"\" class=\"wp-image-533\" srcset=\"https:\/\/fcuchtelfangen.de\/wordpress\/wp-content\/uploads\/2024\/03\/1-Mannschaft.jpg 500w, https:\/\/fcuchtelfangen.de\/wordpress\/wp-content\/uploads\/2024\/03\/1-Mannschaft-300x169.jpg 300w\" sizes=\"auto, (max-width: 500px) 100vw, 500px\" \/><\/a><\/figure>\n\n\n\n<figure class=\"wp-block-image size-full\"><a href=\"http:\/\/fc-u.de\/wordpress\/historie\/1gruendung\/\" target=\"_blank\" rel=\"noopener\"><img loading=\"lazy\" decoding=\"async\" width=\"336\" height=\"192\" data-id=\"534\" src=\"http:\/\/fc-u.de\/wordpress\/wp-content\/uploads\/2024\/03\/1gruendung.jpg\" alt=\"\" class=\"wp-image-534\" srcset=\"https:\/\/fcuchtelfangen.de\/wordpress\/wp-content\/uploads\/2024\/03\/1gruendung.jpg 336w, https:\/\/fcuchtelfangen.de\/wordpress\/wp-content\/uploads\/2024\/03\/1gruendung-300x171.jpg 300w\" sizes=\"auto, (max-width: 336px) 100vw, 336px\" \/><\/a><\/figure>\n\n\n\n<figure class=\"wp-block-image size-full\"><a href=\"http:\/\/fc-u.de\/wordpress\/historie\/2-mannschaft-2\/\" target=\"_blank\" rel=\"noopener\"><img loading=\"lazy\" decoding=\"async\" width=\"500\" height=\"197\" data-id=\"535\" src=\"http:\/\/fc-u.de\/wordpress\/wp-content\/uploads\/2024\/03\/2-Mannschaft.jpg\" alt=\"\" class=\"wp-image-535\" srcset=\"https:\/\/fcuchtelfangen.de\/wordpress\/wp-content\/uploads\/2024\/03\/2-Mannschaft.jpg 500w, https:\/\/fcuchtelfangen.de\/wordpress\/wp-content\/uploads\/2024\/03\/2-Mannschaft-300x118.jpg 300w\" sizes=\"auto, (max-width: 500px) 100vw, 500px\" \/><\/a><\/figure>\n\n\n\n<figure class=\"wp-block-image size-full\"><a href=\"http:\/\/fc-u.de\/wordpress\/historie\/attachment\/300\/\" target=\"_blank\" rel=\"noopener\"><img loading=\"lazy\" decoding=\"async\" width=\"1600\" height=\"1200\" data-id=\"579\" src=\"http:\/\/fc-u.de\/wordpress\/wp-content\/uploads\/2024\/03\/300.jpg\" alt=\"\" class=\"wp-image-579\" srcset=\"https:\/\/fcuchtelfangen.de\/wordpress\/wp-content\/uploads\/2024\/03\/300.jpg 1600w, https:\/\/fcuchtelfangen.de\/wordpress\/wp-content\/uploads\/2024\/03\/300-300x225.jpg 300w, https:\/\/fcuchtelfangen.de\/wordpress\/wp-content\/uploads\/2024\/03\/300-1024x768.jpg 1024w, https:\/\/fcuchtelfangen.de\/wordpress\/wp-content\/uploads\/2024\/03\/300-768x576.jpg 768w, https:\/\/fcuchtelfangen.de\/wordpress\/wp-content\/uploads\/2024\/03\/300-1536x1152.jpg 1536w\" sizes=\"auto, (max-width: 1600px) 100vw, 1600px\" \/><\/a><\/figure>\n\n\n\n<figure class=\"wp-block-image size-full\"><a href=\"http:\/\/fc-u.de\/wordpress\/historie\/a\/\" target=\"_blank\" rel=\"noopener\"><img loading=\"lazy\" decoding=\"async\" width=\"324\" height=\"207\" data-id=\"537\" src=\"http:\/\/fc-u.de\/wordpress\/wp-content\/uploads\/2024\/03\/a.jpg\" alt=\"\" class=\"wp-image-537\" srcset=\"https:\/\/fcuchtelfangen.de\/wordpress\/wp-content\/uploads\/2024\/03\/a.jpg 324w, https:\/\/fcuchtelfangen.de\/wordpress\/wp-content\/uploads\/2024\/03\/a-300x192.jpg 300w\" sizes=\"auto, (max-width: 324px) 100vw, 324px\" \/><\/a><\/figure>\n\n\n\n<figure class=\"wp-block-image size-full\"><a href=\"http:\/\/fc-u.de\/wordpress\/historie\/ah-c_0910_2_78-1\/\" target=\"_blank\" rel=\"noopener\"><img loading=\"lazy\" decoding=\"async\" width=\"1411\" height=\"768\" data-id=\"540\" src=\"http:\/\/fc-u.de\/wordpress\/wp-content\/uploads\/2024\/03\/AH-C_0910_2_78-1.jpg\" alt=\"\" class=\"wp-image-540\" srcset=\"https:\/\/fcuchtelfangen.de\/wordpress\/wp-content\/uploads\/2024\/03\/AH-C_0910_2_78-1.jpg 1411w, https:\/\/fcuchtelfangen.de\/wordpress\/wp-content\/uploads\/2024\/03\/AH-C_0910_2_78-1-300x163.jpg 300w, https:\/\/fcuchtelfangen.de\/wordpress\/wp-content\/uploads\/2024\/03\/AH-C_0910_2_78-1-1024x557.jpg 1024w, https:\/\/fcuchtelfangen.de\/wordpress\/wp-content\/uploads\/2024\/03\/AH-C_0910_2_78-1-768x418.jpg 768w\" sizes=\"auto, (max-width: 1411px) 100vw, 1411px\" \/><\/a><\/figure>\n\n\n\n<figure class=\"wp-block-image size-full\"><a href=\"http:\/\/fc-u.de\/wordpress\/historie\/aha-1\/\" target=\"_blank\" rel=\"noopener\"><img loading=\"lazy\" decoding=\"async\" width=\"400\" height=\"205\" data-id=\"538\" src=\"http:\/\/fc-u.de\/wordpress\/wp-content\/uploads\/2024\/03\/AHA-1.jpg\" alt=\"\" class=\"wp-image-538\" srcset=\"https:\/\/fcuchtelfangen.de\/wordpress\/wp-content\/uploads\/2024\/03\/AHA-1.jpg 400w, https:\/\/fcuchtelfangen.de\/wordpress\/wp-content\/uploads\/2024\/03\/AHA-1-300x154.jpg 300w\" sizes=\"auto, (max-width: 400px) 100vw, 400px\" \/><\/a><\/figure>\n\n\n\n<figure class=\"wp-block-image size-full\"><a href=\"http:\/\/fc-u.de\/wordpress\/historie\/ahb-1\/\" target=\"_blank\" rel=\"noopener\"><img loading=\"lazy\" decoding=\"async\" width=\"400\" height=\"266\" data-id=\"539\" src=\"http:\/\/fc-u.de\/wordpress\/wp-content\/uploads\/2024\/03\/AHB-1.jpg\" alt=\"\" class=\"wp-image-539\" srcset=\"https:\/\/fcuchtelfangen.de\/wordpress\/wp-content\/uploads\/2024\/03\/AHB-1.jpg 400w, https:\/\/fcuchtelfangen.de\/wordpress\/wp-content\/uploads\/2024\/03\/AHB-1-300x200.jpg 300w\" sizes=\"auto, (max-width: 400px) 100vw, 400px\" \/><\/a><\/figure>\n\n\n\n<figure class=\"wp-block-image size-full\"><a href=\"http:\/\/fc-u.de\/wordpress\/historie\/ahc-1\/\" target=\"_blank\" rel=\"noopener\"><img loading=\"lazy\" decoding=\"async\" width=\"400\" height=\"234\" data-id=\"541\" src=\"http:\/\/fc-u.de\/wordpress\/wp-content\/uploads\/2024\/03\/AHC-1.jpg\" alt=\"\" class=\"wp-image-541\" srcset=\"https:\/\/fcuchtelfangen.de\/wordpress\/wp-content\/uploads\/2024\/03\/AHC-1.jpg 400w, https:\/\/fcuchtelfangen.de\/wordpress\/wp-content\/uploads\/2024\/03\/AHC-1-300x176.jpg 300w\" sizes=\"auto, (max-width: 400px) 100vw, 400px\" \/><\/a><\/figure>\n\n\n\n<figure class=\"wp-block-image size-full\"><a href=\"http:\/\/fc-u.de\/wordpress\/historie\/ahd-1\/\" target=\"_blank\" rel=\"noopener\"><img loading=\"lazy\" decoding=\"async\" width=\"400\" height=\"313\" data-id=\"542\" src=\"http:\/\/fc-u.de\/wordpress\/wp-content\/uploads\/2024\/03\/AHD-1.jpg\" alt=\"\" class=\"wp-image-542\" srcset=\"https:\/\/fcuchtelfangen.de\/wordpress\/wp-content\/uploads\/2024\/03\/AHD-1.jpg 400w, https:\/\/fcuchtelfangen.de\/wordpress\/wp-content\/uploads\/2024\/03\/AHD-1-300x235.jpg 300w\" sizes=\"auto, (max-width: 400px) 100vw, 400px\" \/><\/a><\/figure>\n\n\n\n<figure class=\"wp-block-image size-full\"><a href=\"http:\/\/fc-u.de\/wordpress\/historie\/b\/\" target=\"_blank\" rel=\"noopener\"><img loading=\"lazy\" decoding=\"async\" width=\"354\" height=\"211\" data-id=\"543\" src=\"http:\/\/fc-u.de\/wordpress\/wp-content\/uploads\/2024\/03\/b.jpg\" alt=\"\" class=\"wp-image-543\" srcset=\"https:\/\/fcuchtelfangen.de\/wordpress\/wp-content\/uploads\/2024\/03\/b.jpg 354w, https:\/\/fcuchtelfangen.de\/wordpress\/wp-content\/uploads\/2024\/03\/b-300x179.jpg 300w\" sizes=\"auto, (max-width: 354px) 100vw, 354px\" \/><\/a><\/figure>\n\n\n\n<figure class=\"wp-block-image size-full\"><a href=\"http:\/\/fc-u.de\/wordpress\/historie\/bild1\/\" target=\"_blank\" rel=\"noopener\"><img loading=\"lazy\" decoding=\"async\" width=\"2000\" height=\"1324\" data-id=\"544\" src=\"http:\/\/fc-u.de\/wordpress\/wp-content\/uploads\/2024\/03\/Bild1.jpg\" alt=\"\" class=\"wp-image-544\" srcset=\"https:\/\/fcuchtelfangen.de\/wordpress\/wp-content\/uploads\/2024\/03\/Bild1.jpg 2000w, https:\/\/fcuchtelfangen.de\/wordpress\/wp-content\/uploads\/2024\/03\/Bild1-300x199.jpg 300w, https:\/\/fcuchtelfangen.de\/wordpress\/wp-content\/uploads\/2024\/03\/Bild1-1024x678.jpg 1024w, https:\/\/fcuchtelfangen.de\/wordpress\/wp-content\/uploads\/2024\/03\/Bild1-768x508.jpg 768w, https:\/\/fcuchtelfangen.de\/wordpress\/wp-content\/uploads\/2024\/03\/Bild1-1536x1017.jpg 1536w\" sizes=\"auto, (max-width: 2000px) 100vw, 2000px\" \/><\/a><\/figure>\n\n\n\n<figure class=\"wp-block-image size-full\"><a href=\"http:\/\/fc-u.de\/wordpress\/historie\/14-9-17_aschbach_fcu__a-jg3-5_006\/\" target=\"_blank\" rel=\"noopener\"><img loading=\"lazy\" decoding=\"async\" width=\"2560\" height=\"1707\" data-id=\"547\" src=\"http:\/\/fc-u.de\/wordpress\/wp-content\/uploads\/2024\/03\/14.9.17_Aschbach_FCU__A-Jg3-5_006-scaled.jpg\" alt=\"\" class=\"wp-image-547\" srcset=\"https:\/\/fcuchtelfangen.de\/wordpress\/wp-content\/uploads\/2024\/03\/14.9.17_Aschbach_FCU__A-Jg3-5_006-scaled.jpg 2560w, https:\/\/fcuchtelfangen.de\/wordpress\/wp-content\/uploads\/2024\/03\/14.9.17_Aschbach_FCU__A-Jg3-5_006-300x200.jpg 300w, https:\/\/fcuchtelfangen.de\/wordpress\/wp-content\/uploads\/2024\/03\/14.9.17_Aschbach_FCU__A-Jg3-5_006-1024x683.jpg 1024w, https:\/\/fcuchtelfangen.de\/wordpress\/wp-content\/uploads\/2024\/03\/14.9.17_Aschbach_FCU__A-Jg3-5_006-768x512.jpg 768w, https:\/\/fcuchtelfangen.de\/wordpress\/wp-content\/uploads\/2024\/03\/14.9.17_Aschbach_FCU__A-Jg3-5_006-1536x1024.jpg 1536w, https:\/\/fcuchtelfangen.de\/wordpress\/wp-content\/uploads\/2024\/03\/14.9.17_Aschbach_FCU__A-Jg3-5_006-2048x1365.jpg 2048w\" sizes=\"auto, (max-width: 2560px) 100vw, 2560px\" \/><\/a><\/figure>\n\n\n\n<figure class=\"wp-block-image size-full\"><a href=\"http:\/\/fc-u.de\/wordpress\/historie\/phsc_plakat_ohne_sponsoren_2018\/\" target=\"_blank\" rel=\"noopener\"><img loading=\"lazy\" decoding=\"async\" width=\"397\" height=\"439\" data-id=\"546\" src=\"http:\/\/fc-u.de\/wordpress\/wp-content\/uploads\/2024\/03\/PHSC_Plakat_ohne_Sponsoren_2018.jpg\" alt=\"\" class=\"wp-image-546\" srcset=\"https:\/\/fcuchtelfangen.de\/wordpress\/wp-content\/uploads\/2024\/03\/PHSC_Plakat_ohne_Sponsoren_2018.jpg 397w, https:\/\/fcuchtelfangen.de\/wordpress\/wp-content\/uploads\/2024\/03\/PHSC_Plakat_ohne_Sponsoren_2018-271x300.jpg 271w\" sizes=\"auto, (max-width: 397px) 100vw, 397px\" \/><\/a><\/figure>\n\n\n\n<figure class=\"wp-block-image size-full\"><a href=\"http:\/\/fc-u.de\/wordpress\/historie\/a-jugend-2\/\" target=\"_blank\" rel=\"noopener\"><img loading=\"lazy\" decoding=\"async\" width=\"2560\" height=\"1707\" data-id=\"548\" src=\"http:\/\/fc-u.de\/wordpress\/wp-content\/uploads\/2024\/03\/A-Jugend-scaled.jpg\" alt=\"\" class=\"wp-image-548\" srcset=\"https:\/\/fcuchtelfangen.de\/wordpress\/wp-content\/uploads\/2024\/03\/A-Jugend-scaled.jpg 2560w, https:\/\/fcuchtelfangen.de\/wordpress\/wp-content\/uploads\/2024\/03\/A-Jugend-300x200.jpg 300w, https:\/\/fcuchtelfangen.de\/wordpress\/wp-content\/uploads\/2024\/03\/A-Jugend-1024x683.jpg 1024w, https:\/\/fcuchtelfangen.de\/wordpress\/wp-content\/uploads\/2024\/03\/A-Jugend-768x512.jpg 768w, https:\/\/fcuchtelfangen.de\/wordpress\/wp-content\/uploads\/2024\/03\/A-Jugend-1536x1024.jpg 1536w, https:\/\/fcuchtelfangen.de\/wordpress\/wp-content\/uploads\/2024\/03\/A-Jugend-2048x1365.jpg 2048w\" sizes=\"auto, (max-width: 2560px) 100vw, 2560px\" \/><\/a><\/figure>\n\n\n\n<figure class=\"wp-block-image size-full\"><a href=\"http:\/\/fc-u.de\/wordpress\/historie\/plakatphsc2015pf\/\" target=\"_blank\" rel=\"noopener\"><img loading=\"lazy\" decoding=\"async\" width=\"800\" height=\"1120\" data-id=\"551\" src=\"http:\/\/fc-u.de\/wordpress\/wp-content\/uploads\/2024\/03\/plakatphsc2015.jpg\" alt=\"\" class=\"wp-image-551\" srcset=\"https:\/\/fcuchtelfangen.de\/wordpress\/wp-content\/uploads\/2024\/03\/plakatphsc2015.jpg 800w, https:\/\/fcuchtelfangen.de\/wordpress\/wp-content\/uploads\/2024\/03\/plakatphsc2015-214x300.jpg 214w, https:\/\/fcuchtelfangen.de\/wordpress\/wp-content\/uploads\/2024\/03\/plakatphsc2015-731x1024.jpg 731w, https:\/\/fcuchtelfangen.de\/wordpress\/wp-content\/uploads\/2024\/03\/plakatphsc2015-768x1075.jpg 768w\" sizes=\"auto, (max-width: 800px) 100vw, 800px\" \/><\/a><\/figure>\n\n\n\n<figure class=\"wp-block-image size-full\"><a href=\"http:\/\/fc-u.de\/wordpress\/historie\/sg_fcu-wustweiler_2010-11\/\" target=\"_blank\" rel=\"noopener\"><img loading=\"lazy\" decoding=\"async\" width=\"1442\" height=\"768\" data-id=\"550\" src=\"http:\/\/fc-u.de\/wordpress\/wp-content\/uploads\/2024\/03\/SG_FCU-Wustweiler_2010-11.jpg\" alt=\"\" class=\"wp-image-550\" srcset=\"https:\/\/fcuchtelfangen.de\/wordpress\/wp-content\/uploads\/2024\/03\/SG_FCU-Wustweiler_2010-11.jpg 1442w, https:\/\/fcuchtelfangen.de\/wordpress\/wp-content\/uploads\/2024\/03\/SG_FCU-Wustweiler_2010-11-300x160.jpg 300w, https:\/\/fcuchtelfangen.de\/wordpress\/wp-content\/uploads\/2024\/03\/SG_FCU-Wustweiler_2010-11-1024x545.jpg 1024w, https:\/\/fcuchtelfangen.de\/wordpress\/wp-content\/uploads\/2024\/03\/SG_FCU-Wustweiler_2010-11-768x409.jpg 768w\" sizes=\"auto, (max-width: 1442px) 100vw, 1442px\" \/><\/a><\/figure>\n\n\n\n<figure class=\"wp-block-image size-full\"><a href=\"http:\/\/fc-u.de\/wordpress\/historie\/fcu_1-mannschaft_sasion_2016_2017\/\" target=\"_blank\" rel=\"noopener\"><img loading=\"lazy\" decoding=\"async\" width=\"1559\" height=\"927\" data-id=\"552\" src=\"http:\/\/fc-u.de\/wordpress\/wp-content\/uploads\/2024\/03\/FCU_1.Mannschaft_Sasion_2016_2017.jpg\" alt=\"\" class=\"wp-image-552\" srcset=\"https:\/\/fcuchtelfangen.de\/wordpress\/wp-content\/uploads\/2024\/03\/FCU_1.Mannschaft_Sasion_2016_2017.jpg 1559w, https:\/\/fcuchtelfangen.de\/wordpress\/wp-content\/uploads\/2024\/03\/FCU_1.Mannschaft_Sasion_2016_2017-300x178.jpg 300w, https:\/\/fcuchtelfangen.de\/wordpress\/wp-content\/uploads\/2024\/03\/FCU_1.Mannschaft_Sasion_2016_2017-1024x609.jpg 1024w, https:\/\/fcuchtelfangen.de\/wordpress\/wp-content\/uploads\/2024\/03\/FCU_1.Mannschaft_Sasion_2016_2017-768x457.jpg 768w, https:\/\/fcuchtelfangen.de\/wordpress\/wp-content\/uploads\/2024\/03\/FCU_1.Mannschaft_Sasion_2016_2017-1536x913.jpg 1536w\" sizes=\"auto, (max-width: 1559px) 100vw, 1559px\" \/><\/a><\/figure>\n\n\n\n<figure class=\"wp-block-image size-full\"><a href=\"http:\/\/fc-u.de\/wordpress\/historie\/img_2362\/\" target=\"_blank\" rel=\"noopener\"><img loading=\"lazy\" decoding=\"async\" width=\"2560\" height=\"1707\" data-id=\"553\" src=\"http:\/\/fc-u.de\/wordpress\/wp-content\/uploads\/2024\/03\/IMG_2362-scaled.jpg\" alt=\"\" class=\"wp-image-553\" srcset=\"https:\/\/fcuchtelfangen.de\/wordpress\/wp-content\/uploads\/2024\/03\/IMG_2362-scaled.jpg 2560w, https:\/\/fcuchtelfangen.de\/wordpress\/wp-content\/uploads\/2024\/03\/IMG_2362-300x200.jpg 300w, https:\/\/fcuchtelfangen.de\/wordpress\/wp-content\/uploads\/2024\/03\/IMG_2362-1024x683.jpg 1024w, https:\/\/fcuchtelfangen.de\/wordpress\/wp-content\/uploads\/2024\/03\/IMG_2362-768x512.jpg 768w, https:\/\/fcuchtelfangen.de\/wordpress\/wp-content\/uploads\/2024\/03\/IMG_2362-1536x1024.jpg 1536w, https:\/\/fcuchtelfangen.de\/wordpress\/wp-content\/uploads\/2024\/03\/IMG_2362-2048x1365.jpg 2048w\" sizes=\"auto, (max-width: 2560px) 100vw, 2560px\" \/><\/a><\/figure>\n\n\n\n<figure class=\"wp-block-image size-full\"><a href=\"http:\/\/fc-u.de\/wordpress\/historie\/attachment\/10\/\" target=\"_blank\" rel=\"noopener\"><img loading=\"lazy\" decoding=\"async\" width=\"2304\" height=\"1728\" data-id=\"554\" src=\"http:\/\/fc-u.de\/wordpress\/wp-content\/uploads\/2024\/03\/10.jpg\" alt=\"\" class=\"wp-image-554\" srcset=\"https:\/\/fcuchtelfangen.de\/wordpress\/wp-content\/uploads\/2024\/03\/10.jpg 2304w, https:\/\/fcuchtelfangen.de\/wordpress\/wp-content\/uploads\/2024\/03\/10-300x225.jpg 300w, https:\/\/fcuchtelfangen.de\/wordpress\/wp-content\/uploads\/2024\/03\/10-1024x768.jpg 1024w, https:\/\/fcuchtelfangen.de\/wordpress\/wp-content\/uploads\/2024\/03\/10-768x576.jpg 768w, https:\/\/fcuchtelfangen.de\/wordpress\/wp-content\/uploads\/2024\/03\/10-1536x1152.jpg 1536w, https:\/\/fcuchtelfangen.de\/wordpress\/wp-content\/uploads\/2024\/03\/10-2048x1536.jpg 2048w\" sizes=\"auto, (max-width: 2304px) 100vw, 2304px\" \/><\/a><\/figure>\n\n\n\n<figure class=\"wp-block-image size-full\"><a href=\"http:\/\/fc-u.de\/wordpress\/historie\/dsc03297\/\" target=\"_blank\" rel=\"noopener\"><img loading=\"lazy\" decoding=\"async\" width=\"2304\" height=\"1728\" data-id=\"555\" src=\"http:\/\/fc-u.de\/wordpress\/wp-content\/uploads\/2024\/03\/DSC03297.jpg\" alt=\"\" class=\"wp-image-555\" srcset=\"https:\/\/fcuchtelfangen.de\/wordpress\/wp-content\/uploads\/2024\/03\/DSC03297.jpg 2304w, https:\/\/fcuchtelfangen.de\/wordpress\/wp-content\/uploads\/2024\/03\/DSC03297-300x225.jpg 300w, https:\/\/fcuchtelfangen.de\/wordpress\/wp-content\/uploads\/2024\/03\/DSC03297-1024x768.jpg 1024w, https:\/\/fcuchtelfangen.de\/wordpress\/wp-content\/uploads\/2024\/03\/DSC03297-768x576.jpg 768w, https:\/\/fcuchtelfangen.de\/wordpress\/wp-content\/uploads\/2024\/03\/DSC03297-1536x1152.jpg 1536w, https:\/\/fcuchtelfangen.de\/wordpress\/wp-content\/uploads\/2024\/03\/DSC03297-2048x1536.jpg 2048w\" sizes=\"auto, (max-width: 2304px) 100vw, 2304px\" \/><\/a><\/figure>\n\n\n\n<figure class=\"wp-block-image size-full\"><a href=\"http:\/\/fc-u.de\/wordpress\/historie\/attachment\/1\/\" target=\"_blank\" rel=\"noopener\"><img loading=\"lazy\" decoding=\"async\" width=\"1600\" height=\"1200\" data-id=\"558\" src=\"http:\/\/fc-u.de\/wordpress\/wp-content\/uploads\/2024\/03\/1.jpg\" alt=\"\" class=\"wp-image-558\" srcset=\"https:\/\/fcuchtelfangen.de\/wordpress\/wp-content\/uploads\/2024\/03\/1.jpg 1600w, https:\/\/fcuchtelfangen.de\/wordpress\/wp-content\/uploads\/2024\/03\/1-300x225.jpg 300w, https:\/\/fcuchtelfangen.de\/wordpress\/wp-content\/uploads\/2024\/03\/1-1024x768.jpg 1024w, https:\/\/fcuchtelfangen.de\/wordpress\/wp-content\/uploads\/2024\/03\/1-768x576.jpg 768w, https:\/\/fcuchtelfangen.de\/wordpress\/wp-content\/uploads\/2024\/03\/1-1536x1152.jpg 1536w\" sizes=\"auto, (max-width: 1600px) 100vw, 1600px\" \/><\/a><\/figure>\n\n\n\n<figure class=\"wp-block-image size-full\"><a href=\"http:\/\/fc-u.de\/wordpress\/historie\/attachment\/4\/\" target=\"_blank\" rel=\"noopener\"><img loading=\"lazy\" decoding=\"async\" width=\"1415\" height=\"1060\" data-id=\"557\" src=\"http:\/\/fc-u.de\/wordpress\/wp-content\/uploads\/2024\/03\/4.jpg\" alt=\"\" class=\"wp-image-557\" srcset=\"https:\/\/fcuchtelfangen.de\/wordpress\/wp-content\/uploads\/2024\/03\/4.jpg 1415w, https:\/\/fcuchtelfangen.de\/wordpress\/wp-content\/uploads\/2024\/03\/4-300x225.jpg 300w, https:\/\/fcuchtelfangen.de\/wordpress\/wp-content\/uploads\/2024\/03\/4-1024x767.jpg 1024w, https:\/\/fcuchtelfangen.de\/wordpress\/wp-content\/uploads\/2024\/03\/4-768x575.jpg 768w\" sizes=\"auto, (max-width: 1415px) 100vw, 1415px\" \/><\/a><\/figure>\n\n\n\n<figure class=\"wp-block-image size-full\"><a href=\"http:\/\/fc-u.de\/wordpress\/historie\/attachment\/5\/\" target=\"_blank\" rel=\"noopener\"><img loading=\"lazy\" decoding=\"async\" width=\"966\" height=\"724\" data-id=\"556\" src=\"http:\/\/fc-u.de\/wordpress\/wp-content\/uploads\/2024\/03\/5.jpg\" alt=\"\" class=\"wp-image-556\" srcset=\"https:\/\/fcuchtelfangen.de\/wordpress\/wp-content\/uploads\/2024\/03\/5.jpg 966w, https:\/\/fcuchtelfangen.de\/wordpress\/wp-content\/uploads\/2024\/03\/5-300x225.jpg 300w, https:\/\/fcuchtelfangen.de\/wordpress\/wp-content\/uploads\/2024\/03\/5-768x576.jpg 768w\" sizes=\"auto, (max-width: 966px) 100vw, 966px\" \/><\/a><\/figure>\n\n\n\n<figure class=\"wp-block-image size-full\"><a href=\"http:\/\/fc-u.de\/wordpress\/historie\/c-jugend-2\/\" target=\"_blank\" rel=\"noopener\"><img loading=\"lazy\" decoding=\"async\" width=\"1280\" height=\"897\" data-id=\"560\" src=\"http:\/\/fc-u.de\/wordpress\/wp-content\/uploads\/2024\/03\/C-Jugend.jpeg\" alt=\"\" class=\"wp-image-560\" srcset=\"https:\/\/fcuchtelfangen.de\/wordpress\/wp-content\/uploads\/2024\/03\/C-Jugend.jpeg 1280w, https:\/\/fcuchtelfangen.de\/wordpress\/wp-content\/uploads\/2024\/03\/C-Jugend-300x210.jpeg 300w, https:\/\/fcuchtelfangen.de\/wordpress\/wp-content\/uploads\/2024\/03\/C-Jugend-1024x718.jpeg 1024w, https:\/\/fcuchtelfangen.de\/wordpress\/wp-content\/uploads\/2024\/03\/C-Jugend-768x538.jpeg 768w\" sizes=\"auto, (max-width: 1280px) 100vw, 1280px\" \/><\/a><\/figure>\n\n\n\n<figure class=\"wp-block-image size-full\"><a href=\"http:\/\/fc-u.de\/wordpress\/historie\/c\/\" target=\"_blank\" rel=\"noopener\"><img loading=\"lazy\" decoding=\"async\" width=\"340\" height=\"207\" data-id=\"561\" src=\"http:\/\/fc-u.de\/wordpress\/wp-content\/uploads\/2024\/03\/c.jpg\" alt=\"\" class=\"wp-image-561\" srcset=\"https:\/\/fcuchtelfangen.de\/wordpress\/wp-content\/uploads\/2024\/03\/c.jpg 340w, https:\/\/fcuchtelfangen.de\/wordpress\/wp-content\/uploads\/2024\/03\/c-300x183.jpg 300w\" sizes=\"auto, (max-width: 340px) 100vw, 340px\" \/><\/a><\/figure>\n\n\n\n<figure class=\"wp-block-image size-full\"><a href=\"http:\/\/fc-u.de\/wordpress\/historie\/sportarena\/\" target=\"_blank\" rel=\"noopener\"><img loading=\"lazy\" decoding=\"async\" width=\"1280\" height=\"720\" data-id=\"562\" src=\"http:\/\/fc-u.de\/wordpress\/wp-content\/uploads\/2024\/03\/Sportarena.jpg\" alt=\"\" class=\"wp-image-562\" srcset=\"https:\/\/fcuchtelfangen.de\/wordpress\/wp-content\/uploads\/2024\/03\/Sportarena.jpg 1280w, https:\/\/fcuchtelfangen.de\/wordpress\/wp-content\/uploads\/2024\/03\/Sportarena-300x169.jpg 300w, https:\/\/fcuchtelfangen.de\/wordpress\/wp-content\/uploads\/2024\/03\/Sportarena-1024x576.jpg 1024w, https:\/\/fcuchtelfangen.de\/wordpress\/wp-content\/uploads\/2024\/03\/Sportarena-768x432.jpg 768w\" sizes=\"auto, (max-width: 1280px) 100vw, 1280px\" \/><\/a><\/figure>\n\n\n\n<figure class=\"wp-block-image size-full\"><a href=\"http:\/\/fc-u.de\/wordpress\/historie\/mannschaftsfoto2018_19\/\" target=\"_blank\" rel=\"noopener\"><img loading=\"lazy\" decoding=\"async\" width=\"1440\" height=\"1245\" data-id=\"563\" src=\"http:\/\/fc-u.de\/wordpress\/wp-content\/uploads\/2024\/03\/Mannschaftsfoto2018_19.jpg\" alt=\"\" class=\"wp-image-563\" srcset=\"https:\/\/fcuchtelfangen.de\/wordpress\/wp-content\/uploads\/2024\/03\/Mannschaftsfoto2018_19.jpg 1440w, https:\/\/fcuchtelfangen.de\/wordpress\/wp-content\/uploads\/2024\/03\/Mannschaftsfoto2018_19-300x259.jpg 300w, https:\/\/fcuchtelfangen.de\/wordpress\/wp-content\/uploads\/2024\/03\/Mannschaftsfoto2018_19-1024x885.jpg 1024w, https:\/\/fcuchtelfangen.de\/wordpress\/wp-content\/uploads\/2024\/03\/Mannschaftsfoto2018_19-768x664.jpg 768w\" sizes=\"auto, (max-width: 1440px) 100vw, 1440px\" \/><\/a><\/figure>\n\n\n\n<figure class=\"wp-block-image size-full\"><a href=\"http:\/\/fc-u.de\/wordpress\/historie\/presse_1\/\" target=\"_blank\" rel=\"noopener\"><img loading=\"lazy\" decoding=\"async\" width=\"2560\" height=\"1440\" data-id=\"564\" src=\"http:\/\/fc-u.de\/wordpress\/wp-content\/uploads\/2024\/03\/Presse_1-scaled.jpg\" alt=\"\" class=\"wp-image-564\" srcset=\"https:\/\/fcuchtelfangen.de\/wordpress\/wp-content\/uploads\/2024\/03\/Presse_1-scaled.jpg 2560w, https:\/\/fcuchtelfangen.de\/wordpress\/wp-content\/uploads\/2024\/03\/Presse_1-300x169.jpg 300w, https:\/\/fcuchtelfangen.de\/wordpress\/wp-content\/uploads\/2024\/03\/Presse_1-1024x576.jpg 1024w, https:\/\/fcuchtelfangen.de\/wordpress\/wp-content\/uploads\/2024\/03\/Presse_1-768x432.jpg 768w, https:\/\/fcuchtelfangen.de\/wordpress\/wp-content\/uploads\/2024\/03\/Presse_1-1536x864.jpg 1536w, https:\/\/fcuchtelfangen.de\/wordpress\/wp-content\/uploads\/2024\/03\/Presse_1-2048x1152.jpg 2048w\" sizes=\"auto, (max-width: 2560px) 100vw, 2560px\" \/><\/a><\/figure>\n\n\n\n<figure class=\"wp-block-image size-full\"><a href=\"http:\/\/fc-u.de\/wordpress\/historie\/dav\/\" target=\"_blank\" rel=\"noopener\"><img loading=\"lazy\" decoding=\"async\" width=\"2560\" height=\"1920\" data-id=\"565\" src=\"http:\/\/fc-u.de\/wordpress\/wp-content\/uploads\/2024\/03\/Rewe_D-Jugend-scaled.jpg\" alt=\"\" class=\"wp-image-565\" srcset=\"https:\/\/fcuchtelfangen.de\/wordpress\/wp-content\/uploads\/2024\/03\/Rewe_D-Jugend-scaled.jpg 2560w, https:\/\/fcuchtelfangen.de\/wordpress\/wp-content\/uploads\/2024\/03\/Rewe_D-Jugend-300x225.jpg 300w, https:\/\/fcuchtelfangen.de\/wordpress\/wp-content\/uploads\/2024\/03\/Rewe_D-Jugend-1024x768.jpg 1024w, https:\/\/fcuchtelfangen.de\/wordpress\/wp-content\/uploads\/2024\/03\/Rewe_D-Jugend-768x576.jpg 768w, https:\/\/fcuchtelfangen.de\/wordpress\/wp-content\/uploads\/2024\/03\/Rewe_D-Jugend-1536x1152.jpg 1536w, https:\/\/fcuchtelfangen.de\/wordpress\/wp-content\/uploads\/2024\/03\/Rewe_D-Jugend-2048x1536.jpg 2048w\" sizes=\"auto, (max-width: 2560px) 100vw, 2560px\" \/><\/a><figcaption class=\"wp-element-caption\">dav<\/figcaption><\/figure>\n\n\n\n<figure class=\"wp-block-image size-full\"><a href=\"http:\/\/fc-u.de\/wordpress\/historie\/betze_1\/\" target=\"_blank\" rel=\"noopener\"><img loading=\"lazy\" decoding=\"async\" width=\"2560\" height=\"1920\" data-id=\"566\" src=\"http:\/\/fc-u.de\/wordpress\/wp-content\/uploads\/2024\/03\/Betze_1-scaled.jpg\" alt=\"\" class=\"wp-image-566\" srcset=\"https:\/\/fcuchtelfangen.de\/wordpress\/wp-content\/uploads\/2024\/03\/Betze_1-scaled.jpg 2560w, https:\/\/fcuchtelfangen.de\/wordpress\/wp-content\/uploads\/2024\/03\/Betze_1-300x225.jpg 300w, https:\/\/fcuchtelfangen.de\/wordpress\/wp-content\/uploads\/2024\/03\/Betze_1-1024x768.jpg 1024w, https:\/\/fcuchtelfangen.de\/wordpress\/wp-content\/uploads\/2024\/03\/Betze_1-768x576.jpg 768w, https:\/\/fcuchtelfangen.de\/wordpress\/wp-content\/uploads\/2024\/03\/Betze_1-1536x1152.jpg 1536w, https:\/\/fcuchtelfangen.de\/wordpress\/wp-content\/uploads\/2024\/03\/Betze_1-2048x1536.jpg 2048w\" sizes=\"auto, (max-width: 2560px) 100vw, 2560px\" \/><\/a><\/figure>\n\n\n\n<figure class=\"wp-block-image size-full\"><a href=\"http:\/\/fc-u.de\/wordpress\/historie\/attachment\/597\/\" target=\"_blank\" rel=\"noopener\"><img loading=\"lazy\" decoding=\"async\" width=\"2272\" height=\"1704\" data-id=\"567\" src=\"http:\/\/fc-u.de\/wordpress\/wp-content\/uploads\/2024\/03\/597.jpg\" alt=\"\" class=\"wp-image-567\" srcset=\"https:\/\/fcuchtelfangen.de\/wordpress\/wp-content\/uploads\/2024\/03\/597.jpg 2272w, https:\/\/fcuchtelfangen.de\/wordpress\/wp-content\/uploads\/2024\/03\/597-300x225.jpg 300w, https:\/\/fcuchtelfangen.de\/wordpress\/wp-content\/uploads\/2024\/03\/597-1024x768.jpg 1024w, https:\/\/fcuchtelfangen.de\/wordpress\/wp-content\/uploads\/2024\/03\/597-768x576.jpg 768w, https:\/\/fcuchtelfangen.de\/wordpress\/wp-content\/uploads\/2024\/03\/597-1536x1152.jpg 1536w, https:\/\/fcuchtelfangen.de\/wordpress\/wp-content\/uploads\/2024\/03\/597-2048x1536.jpg 2048w\" sizes=\"auto, (max-width: 2272px) 100vw, 2272px\" \/><\/a><\/figure>\n\n\n\n<figure class=\"wp-block-image size-full\"><a href=\"http:\/\/fc-u.de\/wordpress\/historie\/f_jugend\/\" target=\"_blank\" rel=\"noopener\"><img loading=\"lazy\" decoding=\"async\" width=\"2560\" height=\"1440\" data-id=\"568\" src=\"http:\/\/fc-u.de\/wordpress\/wp-content\/uploads\/2024\/03\/F_Jugend-scaled.jpg\" alt=\"\" class=\"wp-image-568\" srcset=\"https:\/\/fcuchtelfangen.de\/wordpress\/wp-content\/uploads\/2024\/03\/F_Jugend-scaled.jpg 2560w, https:\/\/fcuchtelfangen.de\/wordpress\/wp-content\/uploads\/2024\/03\/F_Jugend-300x169.jpg 300w, https:\/\/fcuchtelfangen.de\/wordpress\/wp-content\/uploads\/2024\/03\/F_Jugend-1024x576.jpg 1024w, https:\/\/fcuchtelfangen.de\/wordpress\/wp-content\/uploads\/2024\/03\/F_Jugend-768x432.jpg 768w, https:\/\/fcuchtelfangen.de\/wordpress\/wp-content\/uploads\/2024\/03\/F_Jugend-1536x864.jpg 1536w, https:\/\/fcuchtelfangen.de\/wordpress\/wp-content\/uploads\/2024\/03\/F_Jugend-2048x1152.jpg 2048w\" sizes=\"auto, (max-width: 2560px) 100vw, 2560px\" \/><\/a><\/figure>\n\n\n\n<figure class=\"wp-block-image size-full\"><a href=\"http:\/\/fc-u.de\/wordpress\/historie\/img-20151205-wa0006\/\" target=\"_blank\" rel=\"noopener\"><img loading=\"lazy\" decoding=\"async\" width=\"1600\" height=\"1200\" data-id=\"569\" src=\"http:\/\/fc-u.de\/wordpress\/wp-content\/uploads\/2024\/03\/IMG-20151205-WA0006.jpg\" alt=\"\" class=\"wp-image-569\" srcset=\"https:\/\/fcuchtelfangen.de\/wordpress\/wp-content\/uploads\/2024\/03\/IMG-20151205-WA0006.jpg 1600w, https:\/\/fcuchtelfangen.de\/wordpress\/wp-content\/uploads\/2024\/03\/IMG-20151205-WA0006-300x225.jpg 300w, https:\/\/fcuchtelfangen.de\/wordpress\/wp-content\/uploads\/2024\/03\/IMG-20151205-WA0006-1024x768.jpg 1024w, https:\/\/fcuchtelfangen.de\/wordpress\/wp-content\/uploads\/2024\/03\/IMG-20151205-WA0006-768x576.jpg 768w, https:\/\/fcuchtelfangen.de\/wordpress\/wp-content\/uploads\/2024\/03\/IMG-20151205-WA0006-1536x1152.jpg 1536w\" sizes=\"auto, (max-width: 1600px) 100vw, 1600px\" \/><\/a><\/figure>\n\n\n\n<figure class=\"wp-block-image size-full\"><a href=\"http:\/\/fc-u.de\/wordpress\/historie\/151017_f2_mannschaftsbild\/\" target=\"_blank\" rel=\"noopener\"><img loading=\"lazy\" decoding=\"async\" width=\"2560\" height=\"1920\" data-id=\"570\" src=\"http:\/\/fc-u.de\/wordpress\/wp-content\/uploads\/2024\/03\/151017_F2_Mannschaftsbild-scaled.jpg\" alt=\"\" class=\"wp-image-570\" srcset=\"https:\/\/fcuchtelfangen.de\/wordpress\/wp-content\/uploads\/2024\/03\/151017_F2_Mannschaftsbild-scaled.jpg 2560w, https:\/\/fcuchtelfangen.de\/wordpress\/wp-content\/uploads\/2024\/03\/151017_F2_Mannschaftsbild-300x225.jpg 300w, https:\/\/fcuchtelfangen.de\/wordpress\/wp-content\/uploads\/2024\/03\/151017_F2_Mannschaftsbild-1024x768.jpg 1024w, https:\/\/fcuchtelfangen.de\/wordpress\/wp-content\/uploads\/2024\/03\/151017_F2_Mannschaftsbild-768x576.jpg 768w, https:\/\/fcuchtelfangen.de\/wordpress\/wp-content\/uploads\/2024\/03\/151017_F2_Mannschaftsbild-1536x1152.jpg 1536w, https:\/\/fcuchtelfangen.de\/wordpress\/wp-content\/uploads\/2024\/03\/151017_F2_Mannschaftsbild-2048x1536.jpg 2048w\" sizes=\"auto, (max-width: 2560px) 100vw, 2560px\" \/><\/a><\/figure>\n\n\n\n<figure class=\"wp-block-image size-full\"><a href=\"http:\/\/fc-u.de\/wordpress\/historie\/img_1229\/\" target=\"_blank\" rel=\"noopener\"><img loading=\"lazy\" decoding=\"async\" width=\"2560\" height=\"1920\" data-id=\"571\" src=\"http:\/\/fc-u.de\/wordpress\/wp-content\/uploads\/2024\/03\/IMG_1229-scaled.jpg\" alt=\"\" class=\"wp-image-571\" srcset=\"https:\/\/fcuchtelfangen.de\/wordpress\/wp-content\/uploads\/2024\/03\/IMG_1229-scaled.jpg 2560w, https:\/\/fcuchtelfangen.de\/wordpress\/wp-content\/uploads\/2024\/03\/IMG_1229-300x225.jpg 300w, https:\/\/fcuchtelfangen.de\/wordpress\/wp-content\/uploads\/2024\/03\/IMG_1229-1024x768.jpg 1024w, https:\/\/fcuchtelfangen.de\/wordpress\/wp-content\/uploads\/2024\/03\/IMG_1229-768x576.jpg 768w, https:\/\/fcuchtelfangen.de\/wordpress\/wp-content\/uploads\/2024\/03\/IMG_1229-1536x1152.jpg 1536w, https:\/\/fcuchtelfangen.de\/wordpress\/wp-content\/uploads\/2024\/03\/IMG_1229-2048x1536.jpg 2048w\" sizes=\"auto, (max-width: 2560px) 100vw, 2560px\" \/><\/a><\/figure>\n\n\n\n<figure class=\"wp-block-image size-full\"><a href=\"http:\/\/fc-u.de\/wordpress\/historie\/p1590661\/\" target=\"_blank\" rel=\"noopener\"><img loading=\"lazy\" decoding=\"async\" width=\"1000\" height=\"750\" data-id=\"572\" src=\"http:\/\/fc-u.de\/wordpress\/wp-content\/uploads\/2024\/03\/P1590661.jpg\" alt=\"\" class=\"wp-image-572\" srcset=\"https:\/\/fcuchtelfangen.de\/wordpress\/wp-content\/uploads\/2024\/03\/P1590661.jpg 1000w, https:\/\/fcuchtelfangen.de\/wordpress\/wp-content\/uploads\/2024\/03\/P1590661-300x225.jpg 300w, https:\/\/fcuchtelfangen.de\/wordpress\/wp-content\/uploads\/2024\/03\/P1590661-768x576.jpg 768w\" sizes=\"auto, (max-width: 1000px) 100vw, 1000px\" \/><\/a><\/figure>\n\n\n\n<figure class=\"wp-block-image size-full\"><a href=\"http:\/\/fc-u.de\/wordpress\/historie\/unbenannt-1\/\" target=\"_blank\" rel=\"noopener\"><img loading=\"lazy\" decoding=\"async\" width=\"1682\" height=\"2560\" data-id=\"573\" src=\"http:\/\/fc-u.de\/wordpress\/wp-content\/uploads\/2024\/03\/Unbenannt-1-scaled.jpg\" alt=\"\" class=\"wp-image-573\" srcset=\"https:\/\/fcuchtelfangen.de\/wordpress\/wp-content\/uploads\/2024\/03\/Unbenannt-1-scaled.jpg 1682w, https:\/\/fcuchtelfangen.de\/wordpress\/wp-content\/uploads\/2024\/03\/Unbenannt-1-197x300.jpg 197w, https:\/\/fcuchtelfangen.de\/wordpress\/wp-content\/uploads\/2024\/03\/Unbenannt-1-673x1024.jpg 673w, https:\/\/fcuchtelfangen.de\/wordpress\/wp-content\/uploads\/2024\/03\/Unbenannt-1-768x1169.jpg 768w, https:\/\/fcuchtelfangen.de\/wordpress\/wp-content\/uploads\/2024\/03\/Unbenannt-1-1009x1536.jpg 1009w, https:\/\/fcuchtelfangen.de\/wordpress\/wp-content\/uploads\/2024\/03\/Unbenannt-1-1346x2048.jpg 1346w\" sizes=\"auto, (max-width: 1682px) 100vw, 1682px\" \/><\/a><\/figure>\n\n\n\n<figure class=\"wp-block-image size-full\"><a href=\"http:\/\/fc-u.de\/wordpress\/historie\/autogramm-patrick-herrmann\/\" target=\"_blank\" rel=\"noopener\"><img loading=\"lazy\" decoding=\"async\" width=\"1855\" height=\"2560\" data-id=\"576\" src=\"http:\/\/fc-u.de\/wordpress\/wp-content\/uploads\/2024\/03\/Autogramm-Patrick-Herrmann-scaled.jpg\" alt=\"\" class=\"wp-image-576\" srcset=\"https:\/\/fcuchtelfangen.de\/wordpress\/wp-content\/uploads\/2024\/03\/Autogramm-Patrick-Herrmann-scaled.jpg 1855w, https:\/\/fcuchtelfangen.de\/wordpress\/wp-content\/uploads\/2024\/03\/Autogramm-Patrick-Herrmann-217x300.jpg 217w, https:\/\/fcuchtelfangen.de\/wordpress\/wp-content\/uploads\/2024\/03\/Autogramm-Patrick-Herrmann-742x1024.jpg 742w, https:\/\/fcuchtelfangen.de\/wordpress\/wp-content\/uploads\/2024\/03\/Autogramm-Patrick-Herrmann-768x1060.jpg 768w, https:\/\/fcuchtelfangen.de\/wordpress\/wp-content\/uploads\/2024\/03\/Autogramm-Patrick-Herrmann-1113x1536.jpg 1113w, https:\/\/fcuchtelfangen.de\/wordpress\/wp-content\/uploads\/2024\/03\/Autogramm-Patrick-Herrmann-1484x2048.jpg 1484w\" sizes=\"auto, (max-width: 1855px) 100vw, 1855px\" \/><\/a><\/figure>\n\n\n\n<figure class=\"wp-block-image size-full\"><a href=\"http:\/\/fc-u.de\/wordpress\/historie\/img_2161\/\" target=\"_blank\" rel=\"noopener\"><img loading=\"lazy\" decoding=\"async\" width=\"2560\" height=\"1707\" data-id=\"575\" src=\"http:\/\/fc-u.de\/wordpress\/wp-content\/uploads\/2024\/03\/IMG_2161-scaled.jpg\" alt=\"\" class=\"wp-image-575\" srcset=\"https:\/\/fcuchtelfangen.de\/wordpress\/wp-content\/uploads\/2024\/03\/IMG_2161-scaled.jpg 2560w, https:\/\/fcuchtelfangen.de\/wordpress\/wp-content\/uploads\/2024\/03\/IMG_2161-300x200.jpg 300w, https:\/\/fcuchtelfangen.de\/wordpress\/wp-content\/uploads\/2024\/03\/IMG_2161-1024x683.jpg 1024w, https:\/\/fcuchtelfangen.de\/wordpress\/wp-content\/uploads\/2024\/03\/IMG_2161-768x512.jpg 768w, https:\/\/fcuchtelfangen.de\/wordpress\/wp-content\/uploads\/2024\/03\/IMG_2161-1536x1024.jpg 1536w, https:\/\/fcuchtelfangen.de\/wordpress\/wp-content\/uploads\/2024\/03\/IMG_2161-2048x1365.jpg 2048w\" sizes=\"auto, (max-width: 2560px) 100vw, 2560px\" \/><\/a><\/figure>\n\n\n\n<figure class=\"wp-block-image size-full\"><a href=\"http:\/\/fc-u.de\/wordpress\/historie\/img_2163\/\" target=\"_blank\" rel=\"noopener\"><img loading=\"lazy\" decoding=\"async\" width=\"2560\" height=\"1707\" data-id=\"577\" src=\"http:\/\/fc-u.de\/wordpress\/wp-content\/uploads\/2024\/03\/IMG_2163-scaled.jpg\" alt=\"\" class=\"wp-image-577\" srcset=\"https:\/\/fcuchtelfangen.de\/wordpress\/wp-content\/uploads\/2024\/03\/IMG_2163-scaled.jpg 2560w, https:\/\/fcuchtelfangen.de\/wordpress\/wp-content\/uploads\/2024\/03\/IMG_2163-300x200.jpg 300w, https:\/\/fcuchtelfangen.de\/wordpress\/wp-content\/uploads\/2024\/03\/IMG_2163-1024x683.jpg 1024w, https:\/\/fcuchtelfangen.de\/wordpress\/wp-content\/uploads\/2024\/03\/IMG_2163-768x512.jpg 768w, https:\/\/fcuchtelfangen.de\/wordpress\/wp-content\/uploads\/2024\/03\/IMG_2163-1536x1024.jpg 1536w, https:\/\/fcuchtelfangen.de\/wordpress\/wp-content\/uploads\/2024\/03\/IMG_2163-2048x1365.jpg 2048w\" sizes=\"auto, (max-width: 2560px) 100vw, 2560px\" \/><\/a><\/figure>\n\n\n\n<figure class=\"wp-block-image size-full\"><a href=\"http:\/\/fc-u.de\/wordpress\/historie\/p1010218\/\" target=\"_blank\" rel=\"noopener\"><img loading=\"lazy\" decoding=\"async\" width=\"2560\" height=\"1524\" data-id=\"574\" src=\"http:\/\/fc-u.de\/wordpress\/wp-content\/uploads\/2024\/03\/P1010218-scaled.jpg\" alt=\"\" class=\"wp-image-574\" srcset=\"https:\/\/fcuchtelfangen.de\/wordpress\/wp-content\/uploads\/2024\/03\/P1010218-scaled.jpg 2560w, https:\/\/fcuchtelfangen.de\/wordpress\/wp-content\/uploads\/2024\/03\/P1010218-300x179.jpg 300w, https:\/\/fcuchtelfangen.de\/wordpress\/wp-content\/uploads\/2024\/03\/P1010218-1024x610.jpg 1024w, https:\/\/fcuchtelfangen.de\/wordpress\/wp-content\/uploads\/2024\/03\/P1010218-768x457.jpg 768w, https:\/\/fcuchtelfangen.de\/wordpress\/wp-content\/uploads\/2024\/03\/P1010218-1536x915.jpg 1536w, https:\/\/fcuchtelfangen.de\/wordpress\/wp-content\/uploads\/2024\/03\/P1010218-2048x1219.jpg 2048w\" sizes=\"auto, (max-width: 2560px) 100vw, 2560px\" \/><\/a><\/figure>\n\n\n\n<figure class=\"wp-block-image size-full\"><a href=\"http:\/\/fc-u.de\/wordpress\/historie\/2-mannschaft_sasion_2016_2017-1\/\" target=\"_blank\" rel=\"noopener\"><img loading=\"lazy\" decoding=\"async\" width=\"2048\" height=\"1355\" data-id=\"578\" src=\"http:\/\/fc-u.de\/wordpress\/wp-content\/uploads\/2024\/03\/2.Mannschaft_Sasion_2016_2017-1.jpg\" alt=\"\" class=\"wp-image-578\" srcset=\"https:\/\/fcuchtelfangen.de\/wordpress\/wp-content\/uploads\/2024\/03\/2.Mannschaft_Sasion_2016_2017-1.jpg 2048w, https:\/\/fcuchtelfangen.de\/wordpress\/wp-content\/uploads\/2024\/03\/2.Mannschaft_Sasion_2016_2017-1-300x198.jpg 300w, https:\/\/fcuchtelfangen.de\/wordpress\/wp-content\/uploads\/2024\/03\/2.Mannschaft_Sasion_2016_2017-1-1024x678.jpg 1024w, https:\/\/fcuchtelfangen.de\/wordpress\/wp-content\/uploads\/2024\/03\/2.Mannschaft_Sasion_2016_2017-1-768x508.jpg 768w, https:\/\/fcuchtelfangen.de\/wordpress\/wp-content\/uploads\/2024\/03\/2.Mannschaft_Sasion_2016_2017-1-1536x1016.jpg 1536w\" sizes=\"auto, (max-width: 2048px) 100vw, 2048px\" \/><\/a><\/figure>\n\n\n\n<figure class=\"wp-block-image size-full\"><a href=\"http:\/\/fc-u.de\/wordpress\/historie\/2013-06-12_15-53-14\/\" target=\"_blank\" rel=\"noopener\"><img loading=\"lazy\" decoding=\"async\" width=\"2560\" height=\"1920\" data-id=\"580\" src=\"http:\/\/fc-u.de\/wordpress\/wp-content\/uploads\/2024\/03\/2013-06-12_15.53.14-scaled.jpg\" alt=\"\" class=\"wp-image-580\" srcset=\"https:\/\/fcuchtelfangen.de\/wordpress\/wp-content\/uploads\/2024\/03\/2013-06-12_15.53.14-scaled.jpg 2560w, https:\/\/fcuchtelfangen.de\/wordpress\/wp-content\/uploads\/2024\/03\/2013-06-12_15.53.14-300x225.jpg 300w, https:\/\/fcuchtelfangen.de\/wordpress\/wp-content\/uploads\/2024\/03\/2013-06-12_15.53.14-1024x768.jpg 1024w, https:\/\/fcuchtelfangen.de\/wordpress\/wp-content\/uploads\/2024\/03\/2013-06-12_15.53.14-768x576.jpg 768w, https:\/\/fcuchtelfangen.de\/wordpress\/wp-content\/uploads\/2024\/03\/2013-06-12_15.53.14-1536x1152.jpg 1536w, https:\/\/fcuchtelfangen.de\/wordpress\/wp-content\/uploads\/2024\/03\/2013-06-12_15.53.14-2048x1536.jpg 2048w\" sizes=\"auto, (max-width: 2560px) 100vw, 2560px\" \/><\/a><\/figure>\n\n\n\n<figure class=\"wp-block-image size-full\"><a href=\"http:\/\/fc-u.de\/wordpress\/historie\/90-135_vorankndigung_phs_2017\/\" target=\"_blank\" rel=\"noopener\"><img loading=\"lazy\" decoding=\"async\" width=\"1064\" height=\"1478\" data-id=\"582\" src=\"http:\/\/fc-u.de\/wordpress\/wp-content\/uploads\/2024\/03\/90-135_Vorankndigung_PHS_2017.jpg\" alt=\"\" class=\"wp-image-582\" srcset=\"https:\/\/fcuchtelfangen.de\/wordpress\/wp-content\/uploads\/2024\/03\/90-135_Vorankndigung_PHS_2017.jpg 1064w, https:\/\/fcuchtelfangen.de\/wordpress\/wp-content\/uploads\/2024\/03\/90-135_Vorankndigung_PHS_2017-216x300.jpg 216w, https:\/\/fcuchtelfangen.de\/wordpress\/wp-content\/uploads\/2024\/03\/90-135_Vorankndigung_PHS_2017-737x1024.jpg 737w, https:\/\/fcuchtelfangen.de\/wordpress\/wp-content\/uploads\/2024\/03\/90-135_Vorankndigung_PHS_2017-768x1067.jpg 768w\" sizes=\"auto, (max-width: 1064px) 100vw, 1064px\" \/><\/a><\/figure>\n\n\n\n<figure class=\"wp-block-image size-full\"><a href=\"http:\/\/fc-u.de\/wordpress\/historie\/102-037\/\" target=\"_blank\" rel=\"noopener\"><img loading=\"lazy\" decoding=\"async\" width=\"2560\" height=\"1896\" data-id=\"583\" src=\"http:\/\/fc-u.de\/wordpress\/wp-content\/uploads\/2024\/03\/102-037-scaled.jpg\" alt=\"\" class=\"wp-image-583\" srcset=\"https:\/\/fcuchtelfangen.de\/wordpress\/wp-content\/uploads\/2024\/03\/102-037-scaled.jpg 2560w, https:\/\/fcuchtelfangen.de\/wordpress\/wp-content\/uploads\/2024\/03\/102-037-300x222.jpg 300w, https:\/\/fcuchtelfangen.de\/wordpress\/wp-content\/uploads\/2024\/03\/102-037-1024x758.jpg 1024w, https:\/\/fcuchtelfangen.de\/wordpress\/wp-content\/uploads\/2024\/03\/102-037-768x569.jpg 768w, https:\/\/fcuchtelfangen.de\/wordpress\/wp-content\/uploads\/2024\/03\/102-037-1536x1137.jpg 1536w, https:\/\/fcuchtelfangen.de\/wordpress\/wp-content\/uploads\/2024\/03\/102-037-2048x1517.jpg 2048w\" sizes=\"auto, (max-width: 2560px) 100vw, 2560px\" \/><\/a><\/figure>\n\n\n\n<figure class=\"wp-block-image size-full\"><a href=\"http:\/\/fc-u.de\/wordpress\/historie\/prowin_charity_fuball_tag\/\" target=\"_blank\" rel=\"noopener\"><img loading=\"lazy\" decoding=\"async\" width=\"640\" height=\"238\" data-id=\"584\" src=\"http:\/\/fc-u.de\/wordpress\/wp-content\/uploads\/2024\/03\/proWIN_Charity_Fuball_Tag.jpg\" alt=\"\" class=\"wp-image-584\" srcset=\"https:\/\/fcuchtelfangen.de\/wordpress\/wp-content\/uploads\/2024\/03\/proWIN_Charity_Fuball_Tag.jpg 640w, https:\/\/fcuchtelfangen.de\/wordpress\/wp-content\/uploads\/2024\/03\/proWIN_Charity_Fuball_Tag-300x112.jpg 300w\" sizes=\"auto, (max-width: 640px) 100vw, 640px\" \/><\/a><\/figure>\n\n\n\n<figure class=\"wp-block-image size-full\"><a href=\"http:\/\/fc-u.de\/wordpress\/historie\/dsc_0118\/\" target=\"_blank\" rel=\"noopener\"><img loading=\"lazy\" decoding=\"async\" width=\"2560\" height=\"1955\" data-id=\"586\" src=\"http:\/\/fc-u.de\/wordpress\/wp-content\/uploads\/2024\/03\/DSC_0118-scaled.jpg\" alt=\"\" class=\"wp-image-586\" srcset=\"https:\/\/fcuchtelfangen.de\/wordpress\/wp-content\/uploads\/2024\/03\/DSC_0118-scaled.jpg 2560w, https:\/\/fcuchtelfangen.de\/wordpress\/wp-content\/uploads\/2024\/03\/DSC_0118-300x229.jpg 300w, https:\/\/fcuchtelfangen.de\/wordpress\/wp-content\/uploads\/2024\/03\/DSC_0118-1024x782.jpg 1024w, https:\/\/fcuchtelfangen.de\/wordpress\/wp-content\/uploads\/2024\/03\/DSC_0118-768x586.jpg 768w, https:\/\/fcuchtelfangen.de\/wordpress\/wp-content\/uploads\/2024\/03\/DSC_0118-1536x1173.jpg 1536w, https:\/\/fcuchtelfangen.de\/wordpress\/wp-content\/uploads\/2024\/03\/DSC_0118-2048x1564.jpg 2048w\" sizes=\"auto, (max-width: 2560px) 100vw, 2560px\" \/><\/a><\/figure>\n\n\n\n<figure class=\"wp-block-image size-full\"><img loading=\"lazy\" decoding=\"async\" width=\"851\" height=\"315\" data-id=\"591\" src=\"http:\/\/fc-u.de\/wordpress\/wp-content\/uploads\/2024\/03\/18218_401032159969977_1335207033_n.jpg\" alt=\"\" class=\"wp-image-591\" srcset=\"https:\/\/fcuchtelfangen.de\/wordpress\/wp-content\/uploads\/2024\/03\/18218_401032159969977_1335207033_n.jpg 851w, https:\/\/fcuchtelfangen.de\/wordpress\/wp-content\/uploads\/2024\/03\/18218_401032159969977_1335207033_n-300x111.jpg 300w, https:\/\/fcuchtelfangen.de\/wordpress\/wp-content\/uploads\/2024\/03\/18218_401032159969977_1335207033_n-768x284.jpg 768w\" sizes=\"auto, (max-width: 851px) 100vw, 851px\" \/><\/figure>\n\n\n\n<figure class=\"wp-block-image size-full\"><img loading=\"lazy\" decoding=\"async\" width=\"2560\" height=\"1920\" data-id=\"594\" src=\"http:\/\/fc-u.de\/wordpress\/wp-content\/uploads\/2024\/03\/2014-05-21_15.37.41-1-scaled.jpg\" alt=\"\" class=\"wp-image-594\" srcset=\"https:\/\/fcuchtelfangen.de\/wordpress\/wp-content\/uploads\/2024\/03\/2014-05-21_15.37.41-1-scaled.jpg 2560w, https:\/\/fcuchtelfangen.de\/wordpress\/wp-content\/uploads\/2024\/03\/2014-05-21_15.37.41-1-300x225.jpg 300w, https:\/\/fcuchtelfangen.de\/wordpress\/wp-content\/uploads\/2024\/03\/2014-05-21_15.37.41-1-1024x768.jpg 1024w, https:\/\/fcuchtelfangen.de\/wordpress\/wp-content\/uploads\/2024\/03\/2014-05-21_15.37.41-1-768x576.jpg 768w, https:\/\/fcuchtelfangen.de\/wordpress\/wp-content\/uploads\/2024\/03\/2014-05-21_15.37.41-1-1536x1152.jpg 1536w, https:\/\/fcuchtelfangen.de\/wordpress\/wp-content\/uploads\/2024\/03\/2014-05-21_15.37.41-1-2048x1536.jpg 2048w\" sizes=\"auto, (max-width: 2560px) 100vw, 2560px\" \/><\/figure>\n\n\n\n<figure class=\"wp-block-image size-full\"><img loading=\"lazy\" decoding=\"async\" width=\"960\" height=\"640\" data-id=\"595\" src=\"http:\/\/fc-u.de\/wordpress\/wp-content\/uploads\/2024\/03\/541918_348913425181851_664333183_n.jpg\" alt=\"\" class=\"wp-image-595\" srcset=\"https:\/\/fcuchtelfangen.de\/wordpress\/wp-content\/uploads\/2024\/03\/541918_348913425181851_664333183_n.jpg 960w, https:\/\/fcuchtelfangen.de\/wordpress\/wp-content\/uploads\/2024\/03\/541918_348913425181851_664333183_n-300x200.jpg 300w, https:\/\/fcuchtelfangen.de\/wordpress\/wp-content\/uploads\/2024\/03\/541918_348913425181851_664333183_n-768x512.jpg 768w\" sizes=\"auto, (max-width: 960px) 100vw, 960px\" \/><\/figure>\n\n\n\n<figure class=\"wp-block-image size-full\"><img loading=\"lazy\" decoding=\"async\" width=\"940\" height=\"627\" data-id=\"598\" src=\"http:\/\/fc-u.de\/wordpress\/wp-content\/uploads\/2024\/03\/IMG_2969.jpg\" alt=\"\" class=\"wp-image-598\" srcset=\"https:\/\/fcuchtelfangen.de\/wordpress\/wp-content\/uploads\/2024\/03\/IMG_2969.jpg 940w, https:\/\/fcuchtelfangen.de\/wordpress\/wp-content\/uploads\/2024\/03\/IMG_2969-300x200.jpg 300w, https:\/\/fcuchtelfangen.de\/wordpress\/wp-content\/uploads\/2024\/03\/IMG_2969-768x512.jpg 768w\" sizes=\"auto, (max-width: 940px) 100vw, 940px\" \/><\/figure>\n\n\n\n<figure class=\"wp-block-image size-full\"><img loading=\"lazy\" decoding=\"async\" width=\"940\" height=\"627\" data-id=\"596\" src=\"http:\/\/fc-u.de\/wordpress\/wp-content\/uploads\/2024\/03\/IMG_3105.jpg\" alt=\"\" class=\"wp-image-596\" srcset=\"https:\/\/fcuchtelfangen.de\/wordpress\/wp-content\/uploads\/2024\/03\/IMG_3105.jpg 940w, https:\/\/fcuchtelfangen.de\/wordpress\/wp-content\/uploads\/2024\/03\/IMG_3105-300x200.jpg 300w, https:\/\/fcuchtelfangen.de\/wordpress\/wp-content\/uploads\/2024\/03\/IMG_3105-768x512.jpg 768w\" sizes=\"auto, (max-width: 940px) 100vw, 940px\" \/><\/figure>\n\n\n\n<figure class=\"wp-block-image size-full\"><img loading=\"lazy\" decoding=\"async\" width=\"940\" height=\"627\" data-id=\"597\" src=\"http:\/\/fc-u.de\/wordpress\/wp-content\/uploads\/2024\/03\/IMG_3285.jpg\" alt=\"\" class=\"wp-image-597\" srcset=\"https:\/\/fcuchtelfangen.de\/wordpress\/wp-content\/uploads\/2024\/03\/IMG_3285.jpg 940w, https:\/\/fcuchtelfangen.de\/wordpress\/wp-content\/uploads\/2024\/03\/IMG_3285-300x200.jpg 300w, https:\/\/fcuchtelfangen.de\/wordpress\/wp-content\/uploads\/2024\/03\/IMG_3285-768x512.jpg 768w\" sizes=\"auto, (max-width: 940px) 100vw, 940px\" \/><\/figure>\n\n\n\n<figure class=\"wp-block-image size-full\"><img loading=\"lazy\" decoding=\"async\" width=\"370\" height=\"529\" data-id=\"599\" src=\"http:\/\/fc-u.de\/wordpress\/wp-content\/uploads\/2024\/03\/1544489_648706928535831_6430169139358371958_n.jpg\" alt=\"\" class=\"wp-image-599\" srcset=\"https:\/\/fcuchtelfangen.de\/wordpress\/wp-content\/uploads\/2024\/03\/1544489_648706928535831_6430169139358371958_n.jpg 370w, https:\/\/fcuchtelfangen.de\/wordpress\/wp-content\/uploads\/2024\/03\/1544489_648706928535831_6430169139358371958_n-210x300.jpg 210w\" sizes=\"auto, (max-width: 370px) 100vw, 370px\" \/><\/figure>\n\n\n\n<figure class=\"wp-block-image size-full\"><img loading=\"lazy\" decoding=\"async\" width=\"480\" height=\"300\" data-id=\"602\" src=\"http:\/\/fc-u.de\/wordpress\/wp-content\/uploads\/2024\/03\/weihnachten2012.jpg\" alt=\"\" class=\"wp-image-602\" srcset=\"https:\/\/fcuchtelfangen.de\/wordpress\/wp-content\/uploads\/2024\/03\/weihnachten2012.jpg 480w, https:\/\/fcuchtelfangen.de\/wordpress\/wp-content\/uploads\/2024\/03\/weihnachten2012-300x188.jpg 300w\" sizes=\"auto, (max-width: 480px) 100vw, 480px\" \/><\/figure>\n\n\n\n<figure class=\"wp-block-image size-full\"><img loading=\"lazy\" decoding=\"async\" width=\"1920\" height=\"1080\" data-id=\"603\" src=\"http:\/\/fc-u.de\/wordpress\/wp-content\/uploads\/2024\/03\/Marshmallow.jpg\" alt=\"\" class=\"wp-image-603\" srcset=\"https:\/\/fcuchtelfangen.de\/wordpress\/wp-content\/uploads\/2024\/03\/Marshmallow.jpg 1920w, https:\/\/fcuchtelfangen.de\/wordpress\/wp-content\/uploads\/2024\/03\/Marshmallow-300x169.jpg 300w, https:\/\/fcuchtelfangen.de\/wordpress\/wp-content\/uploads\/2024\/03\/Marshmallow-1024x576.jpg 1024w, https:\/\/fcuchtelfangen.de\/wordpress\/wp-content\/uploads\/2024\/03\/Marshmallow-768x432.jpg 768w, https:\/\/fcuchtelfangen.de\/wordpress\/wp-content\/uploads\/2024\/03\/Marshmallow-1536x864.jpg 1536w\" sizes=\"auto, (max-width: 1920px) 100vw, 1920px\" \/><\/figure>\n\n\n\n<figure class=\"wp-block-image size-full\"><img loading=\"lazy\" decoding=\"async\" width=\"1592\" height=\"1067\" data-id=\"604\" src=\"http:\/\/fc-u.de\/wordpress\/wp-content\/uploads\/2024\/03\/Public_Viewing.jpg\" alt=\"\" class=\"wp-image-604\" srcset=\"https:\/\/fcuchtelfangen.de\/wordpress\/wp-content\/uploads\/2024\/03\/Public_Viewing.jpg 1592w, https:\/\/fcuchtelfangen.de\/wordpress\/wp-content\/uploads\/2024\/03\/Public_Viewing-300x201.jpg 300w, https:\/\/fcuchtelfangen.de\/wordpress\/wp-content\/uploads\/2024\/03\/Public_Viewing-1024x686.jpg 1024w, https:\/\/fcuchtelfangen.de\/wordpress\/wp-content\/uploads\/2024\/03\/Public_Viewing-768x515.jpg 768w, https:\/\/fcuchtelfangen.de\/wordpress\/wp-content\/uploads\/2024\/03\/Public_Viewing-1536x1029.jpg 1536w\" sizes=\"auto, (max-width: 1592px) 100vw, 1592px\" \/><\/figure>\n\n\n\n<figure class=\"wp-block-image size-full\"><img loading=\"lazy\" decoding=\"async\" width=\"2016\" height=\"1512\" data-id=\"607\" src=\"http:\/\/fc-u.de\/wordpress\/wp-content\/uploads\/2024\/03\/Radtour_Schaumberg.jpg\" alt=\"\" class=\"wp-image-607\" srcset=\"https:\/\/fcuchtelfangen.de\/wordpress\/wp-content\/uploads\/2024\/03\/Radtour_Schaumberg.jpg 2016w, https:\/\/fcuchtelfangen.de\/wordpress\/wp-content\/uploads\/2024\/03\/Radtour_Schaumberg-300x225.jpg 300w, https:\/\/fcuchtelfangen.de\/wordpress\/wp-content\/uploads\/2024\/03\/Radtour_Schaumberg-1024x768.jpg 1024w, https:\/\/fcuchtelfangen.de\/wordpress\/wp-content\/uploads\/2024\/03\/Radtour_Schaumberg-768x576.jpg 768w, https:\/\/fcuchtelfangen.de\/wordpress\/wp-content\/uploads\/2024\/03\/Radtour_Schaumberg-1536x1152.jpg 1536w\" sizes=\"auto, (max-width: 2016px) 100vw, 2016px\" \/><\/figure>\n\n\n\n<figure class=\"wp-block-image size-full\"><img loading=\"lazy\" decoding=\"async\" width=\"1523\" height=\"1042\" data-id=\"605\" src=\"http:\/\/fc-u.de\/wordpress\/wp-content\/uploads\/2024\/03\/TKP.jpg\" alt=\"\" class=\"wp-image-605\" srcset=\"https:\/\/fcuchtelfangen.de\/wordpress\/wp-content\/uploads\/2024\/03\/TKP.jpg 1523w, https:\/\/fcuchtelfangen.de\/wordpress\/wp-content\/uploads\/2024\/03\/TKP-300x205.jpg 300w, https:\/\/fcuchtelfangen.de\/wordpress\/wp-content\/uploads\/2024\/03\/TKP-1024x701.jpg 1024w, https:\/\/fcuchtelfangen.de\/wordpress\/wp-content\/uploads\/2024\/03\/TKP-768x525.jpg 768w\" sizes=\"auto, (max-width: 1523px) 100vw, 1523px\" \/><\/figure>\n\n\n\n<figure class=\"wp-block-image size-full\"><img loading=\"lazy\" decoding=\"async\" width=\"1080\" height=\"1920\" data-id=\"606\" src=\"http:\/\/fc-u.de\/wordpress\/wp-content\/uploads\/2024\/03\/Tour_juengere.jpg\" alt=\"\" class=\"wp-image-606\" srcset=\"https:\/\/fcuchtelfangen.de\/wordpress\/wp-content\/uploads\/2024\/03\/Tour_juengere.jpg 1080w, https:\/\/fcuchtelfangen.de\/wordpress\/wp-content\/uploads\/2024\/03\/Tour_juengere-169x300.jpg 169w, https:\/\/fcuchtelfangen.de\/wordpress\/wp-content\/uploads\/2024\/03\/Tour_juengere-576x1024.jpg 576w, https:\/\/fcuchtelfangen.de\/wordpress\/wp-content\/uploads\/2024\/03\/Tour_juengere-768x1365.jpg 768w, https:\/\/fcuchtelfangen.de\/wordpress\/wp-content\/uploads\/2024\/03\/Tour_juengere-864x1536.jpg 864w\" sizes=\"auto, (max-width: 1080px) 100vw, 1080px\" \/><\/figure>\n\n\n\n<figure class=\"wp-block-image size-full\"><img loading=\"lazy\" decoding=\"async\" width=\"2560\" height=\"1920\" data-id=\"619\" src=\"http:\/\/fc-u.de\/wordpress\/wp-content\/uploads\/2024\/03\/90-scaled.jpg\" alt=\"\" class=\"wp-image-619\" srcset=\"https:\/\/fcuchtelfangen.de\/wordpress\/wp-content\/uploads\/2024\/03\/90-scaled.jpg 2560w, https:\/\/fcuchtelfangen.de\/wordpress\/wp-content\/uploads\/2024\/03\/90-300x225.jpg 300w, https:\/\/fcuchtelfangen.de\/wordpress\/wp-content\/uploads\/2024\/03\/90-1024x768.jpg 1024w, https:\/\/fcuchtelfangen.de\/wordpress\/wp-content\/uploads\/2024\/03\/90-768x576.jpg 768w, https:\/\/fcuchtelfangen.de\/wordpress\/wp-content\/uploads\/2024\/03\/90-1536x1152.jpg 1536w, https:\/\/fcuchtelfangen.de\/wordpress\/wp-content\/uploads\/2024\/03\/90-2048x1536.jpg 2048w\" sizes=\"auto, (max-width: 2560px) 100vw, 2560px\" \/><\/figure>\n\n\n\n<figure class=\"wp-block-image size-full\"><img loading=\"lazy\" decoding=\"async\" width=\"2560\" height=\"1440\" data-id=\"610\" src=\"http:\/\/fc-u.de\/wordpress\/wp-content\/uploads\/2024\/03\/DSC_0213-scaled.jpg\" alt=\"\" class=\"wp-image-610\" srcset=\"https:\/\/fcuchtelfangen.de\/wordpress\/wp-content\/uploads\/2024\/03\/DSC_0213-scaled.jpg 2560w, https:\/\/fcuchtelfangen.de\/wordpress\/wp-content\/uploads\/2024\/03\/DSC_0213-300x169.jpg 300w, https:\/\/fcuchtelfangen.de\/wordpress\/wp-content\/uploads\/2024\/03\/DSC_0213-1024x576.jpg 1024w, https:\/\/fcuchtelfangen.de\/wordpress\/wp-content\/uploads\/2024\/03\/DSC_0213-768x432.jpg 768w, https:\/\/fcuchtelfangen.de\/wordpress\/wp-content\/uploads\/2024\/03\/DSC_0213-1536x864.jpg 1536w, https:\/\/fcuchtelfangen.de\/wordpress\/wp-content\/uploads\/2024\/03\/DSC_0213-2048x1152.jpg 2048w\" sizes=\"auto, (max-width: 2560px) 100vw, 2560px\" \/><\/figure>\n\n\n\n<figure class=\"wp-block-image size-full\"><img loading=\"lazy\" decoding=\"async\" width=\"2560\" height=\"1440\" data-id=\"609\" src=\"http:\/\/fc-u.de\/wordpress\/wp-content\/uploads\/2024\/03\/DSC_0265-scaled.jpg\" alt=\"\" class=\"wp-image-609\" srcset=\"https:\/\/fcuchtelfangen.de\/wordpress\/wp-content\/uploads\/2024\/03\/DSC_0265-scaled.jpg 2560w, https:\/\/fcuchtelfangen.de\/wordpress\/wp-content\/uploads\/2024\/03\/DSC_0265-300x169.jpg 300w, https:\/\/fcuchtelfangen.de\/wordpress\/wp-content\/uploads\/2024\/03\/DSC_0265-1024x576.jpg 1024w, https:\/\/fcuchtelfangen.de\/wordpress\/wp-content\/uploads\/2024\/03\/DSC_0265-768x432.jpg 768w, https:\/\/fcuchtelfangen.de\/wordpress\/wp-content\/uploads\/2024\/03\/DSC_0265-1536x864.jpg 1536w, https:\/\/fcuchtelfangen.de\/wordpress\/wp-content\/uploads\/2024\/03\/DSC_0265-2048x1152.jpg 2048w\" sizes=\"auto, (max-width: 2560px) 100vw, 2560px\" \/><\/figure>\n\n\n\n<figure class=\"wp-block-image size-full\"><img loading=\"lazy\" decoding=\"async\" width=\"1140\" height=\"1600\" data-id=\"611\" src=\"http:\/\/fc-u.de\/wordpress\/wp-content\/uploads\/2024\/03\/IMG-20170215-WA0001.jpg\" alt=\"\" class=\"wp-image-611\" srcset=\"https:\/\/fcuchtelfangen.de\/wordpress\/wp-content\/uploads\/2024\/03\/IMG-20170215-WA0001.jpg 1140w, https:\/\/fcuchtelfangen.de\/wordpress\/wp-content\/uploads\/2024\/03\/IMG-20170215-WA0001-214x300.jpg 214w, https:\/\/fcuchtelfangen.de\/wordpress\/wp-content\/uploads\/2024\/03\/IMG-20170215-WA0001-730x1024.jpg 730w, https:\/\/fcuchtelfangen.de\/wordpress\/wp-content\/uploads\/2024\/03\/IMG-20170215-WA0001-768x1078.jpg 768w, https:\/\/fcuchtelfangen.de\/wordpress\/wp-content\/uploads\/2024\/03\/IMG-20170215-WA0001-1094x1536.jpg 1094w\" sizes=\"auto, (max-width: 1140px) 100vw, 1140px\" \/><\/figure>\n\n\n\n<figure class=\"wp-block-image size-full\"><img loading=\"lazy\" decoding=\"async\" width=\"558\" height=\"474\" data-id=\"612\" src=\"http:\/\/fc-u.de\/wordpress\/wp-content\/uploads\/2024\/03\/PHSC2019.jpg\" alt=\"\" class=\"wp-image-612\" srcset=\"https:\/\/fcuchtelfangen.de\/wordpress\/wp-content\/uploads\/2024\/03\/PHSC2019.jpg 558w, https:\/\/fcuchtelfangen.de\/wordpress\/wp-content\/uploads\/2024\/03\/PHSC2019-300x255.jpg 300w\" sizes=\"auto, (max-width: 558px) 100vw, 558px\" \/><\/figure>\n\n\n\n<figure class=\"wp-block-image size-full\"><img loading=\"lazy\" decoding=\"async\" width=\"2560\" height=\"1920\" data-id=\"616\" src=\"http:\/\/fc-u.de\/wordpress\/wp-content\/uploads\/2024\/03\/60-scaled.jpg\" alt=\"\" class=\"wp-image-616\" srcset=\"https:\/\/fcuchtelfangen.de\/wordpress\/wp-content\/uploads\/2024\/03\/60-scaled.jpg 2560w, https:\/\/fcuchtelfangen.de\/wordpress\/wp-content\/uploads\/2024\/03\/60-300x225.jpg 300w, https:\/\/fcuchtelfangen.de\/wordpress\/wp-content\/uploads\/2024\/03\/60-1024x768.jpg 1024w, https:\/\/fcuchtelfangen.de\/wordpress\/wp-content\/uploads\/2024\/03\/60-768x576.jpg 768w, https:\/\/fcuchtelfangen.de\/wordpress\/wp-content\/uploads\/2024\/03\/60-1536x1152.jpg 1536w, https:\/\/fcuchtelfangen.de\/wordpress\/wp-content\/uploads\/2024\/03\/60-2048x1536.jpg 2048w\" sizes=\"auto, (max-width: 2560px) 100vw, 2560px\" \/><\/figure>\n\n\n\n<figure class=\"wp-block-image size-full\"><img loading=\"lazy\" decoding=\"async\" width=\"2560\" height=\"1920\" data-id=\"618\" src=\"http:\/\/fc-u.de\/wordpress\/wp-content\/uploads\/2024\/03\/39-scaled.jpg\" alt=\"\" class=\"wp-image-618\" srcset=\"https:\/\/fcuchtelfangen.de\/wordpress\/wp-content\/uploads\/2024\/03\/39-scaled.jpg 2560w, https:\/\/fcuchtelfangen.de\/wordpress\/wp-content\/uploads\/2024\/03\/39-300x225.jpg 300w, https:\/\/fcuchtelfangen.de\/wordpress\/wp-content\/uploads\/2024\/03\/39-1024x768.jpg 1024w, https:\/\/fcuchtelfangen.de\/wordpress\/wp-content\/uploads\/2024\/03\/39-768x576.jpg 768w, https:\/\/fcuchtelfangen.de\/wordpress\/wp-content\/uploads\/2024\/03\/39-1536x1152.jpg 1536w, https:\/\/fcuchtelfangen.de\/wordpress\/wp-content\/uploads\/2024\/03\/39-2048x1536.jpg 2048w\" sizes=\"auto, (max-width: 2560px) 100vw, 2560px\" \/><\/figure>\n<\/figure>\n","protected":false},"excerpt":{"rendered":"<p>Im Fr\u00fchjahr 1923 taten sich einige beherzte M\u00e4nner aus Kaisen zusammen und gr\u00fcndeten im Gasthaus Henkel den Verein. Sie gaben ihm den Namen Fu\u00dfballverein Kaisen.&nbsp; Die Gr\u00fcnder waren:&nbsp; Mitgr\u00fcnder:&nbsp; Spielerische Entwicklung: Das erste Spiel wurde im Jahre 1923 an Karfreitag in Wahlschied ausgetragen und gewonnen. In der Folgezeit wurden Spiele innerhalb der Gemeinde ausgetragen. Von [&hellip;]<\/p>\n","protected":false},"author":1,"featured_media":0,"parent":0,"menu_order":0,"comment_status":"closed","ping_status":"closed","template":"","meta":{"footnotes":""},"class_list":["post-105","page","type-page","status-publish","hentry"],"_links":{"self":[{"href":"https:\/\/fcuchtelfangen.de\/wordpress\/wp-json\/wp\/v2\/pages\/105","targetHints":{"allow":["GET"]}}],"collection":[{"href":"https:\/\/fcuchtelfangen.de\/wordpress\/wp-json\/wp\/v2\/pages"}],"about":[{"href":"https:\/\/fcuchtelfangen.de\/wordpress\/wp-json\/wp\/v2\/types\/page"}],"author":[{"embeddable":true,"href":"https:\/\/fcuchtelfangen.de\/wordpress\/wp-json\/wp\/v2\/users\/1"}],"replies":[{"embeddable":true,"href":"https:\/\/fcuchtelfangen.de\/wordpress\/wp-json\/wp\/v2\/comments?post=105"}],"version-history":[{"count":17,"href":"https:\/\/fcuchtelfangen.de\/wordpress\/wp-json\/wp\/v2\/pages\/105\/revisions"}],"predecessor-version":[{"id":724,"href":"https:\/\/fcuchtelfangen.de\/wordpress\/wp-json\/wp\/v2\/pages\/105\/revisions\/724"}],"wp:attachment":[{"href":"https:\/\/fcuchtelfangen.de\/wordpress\/wp-json\/wp\/v2\/media?parent=105"}],"curies":[{"name":"wp","href":"https:\/\/api.w.org\/{rel}","templated":true}]}}